{"id":1194,"date":"2021-03-17T08:48:08","date_gmt":"2021-03-17T08:48:08","guid":{"rendered":"https:\/\/casadelaqueimada.es\/?page_id=1194"},"modified":"2024-06-22T13:30:55","modified_gmt":"2024-06-22T13:30:55","slug":"inicio","status":"publish","type":"page","link":"https:\/\/casadelaqueimada.es\/","title":{"rendered":"Inicio"},"content":{"rendered":"\t\t<div data-elementor-type=\"wp-page\" data-elementor-id=\"1194\" class=\"elementor elementor-1194\">\n\t\t\t\t\t\t\t\t\t<section class=\"elementor-section elementor-top-section elementor-element elementor-element-619d5f1 elementor-section-height-full elementor-section-boxed elementor-section-height-default elementor-section-items-middle\" data-id=\"619d5f1\" data-element_type=\"section\" data-settings=\"{&quot;background_background&quot;:&quot;classic&quot;}\">\n\t\t\t\t\t\t\t<div class=\"elementor-background-overlay\"><\/div>\n\t\t\t\t\t\t\t<div class=\"elementor-container elementor-column-gap-no\">\n\t\t\t\t\t<div class=\"elementor-column elementor-col-50 elementor-top-column elementor-element elementor-element-240d8d2 elementor-invisible\" data-id=\"240d8d2\" data-element_type=\"column\" data-settings=\"{&quot;animation&quot;:&quot;fadeInLeft&quot;}\">\n\t\t\t<div class=\"elementor-widget-wrap elementor-element-populated\">\n\t\t\t\t\t\t\t\t<div class=\"elementor-element elementor-element-604cee9 elementor-widget-tablet__width-inherit elementor-widget elementor-widget-image\" data-id=\"604cee9\" data-element_type=\"widget\" data-widget_type=\"image.default\">\n\t\t\t\t<div class=\"elementor-widget-container\">\n\t\t\t<style>\/*! elementor - v3.13.3 - 28-05-2023 *\/\n.elementor-widget-image{text-align:center}.elementor-widget-image a{display:inline-block}.elementor-widget-image a img[src$=\".svg\"]{width:48px}.elementor-widget-image img{vertical-align:middle;display:inline-block}<\/style>\t\t\t\t\t\t\t\t\t\t\t\t<img decoding=\"async\" width=\"500\" height=\"500\" src=\"https:\/\/casadelaqueimada.es\/wp-content\/uploads\/2023\/06\/logo_charol_sin_fondo-1-60x60.png\" class=\"attachment-full size-full wp-image-2127\" alt=\"\" loading=\"lazy\" srcset=\"https:\/\/casadelaqueimada.es\/wp-content\/uploads\/2023\/06\/logo_charol_sin_fondo-1.png 500w, https:\/\/casadelaqueimada.es\/wp-content\/uploads\/2023\/06\/logo_charol_sin_fondo-1-300x300.png 300w, https:\/\/casadelaqueimada.es\/wp-content\/uploads\/2023\/06\/logo_charol_sin_fondo-1-150x150.png 150w, https:\/\/casadelaqueimada.es\/wp-content\/uploads\/2023\/06\/logo_charol_sin_fondo-1-100x100.png 100w, https:\/\/casadelaqueimada.es\/wp-content\/uploads\/2023\/06\/logo_charol_sin_fondo-1-60x60.png 60w\" sizes=\"(max-width: 500px) 100vw, 500px\" \/>\t\t\t\t\t\t\t\t\t\t\t\t\t\t\t<\/div>\n\t\t\t\t<\/div>\n\t\t\t\t\t<\/div>\n\t\t<\/div>\n\t\t\t\t<div class=\"elementor-column elementor-col-50 elementor-top-column elementor-element elementor-element-02fa7af\" data-id=\"02fa7af\" data-element_type=\"column\">\n\t\t\t<div class=\"elementor-widget-wrap elementor-element-populated\">\n\t\t\t\t\t\t\t\t<div class=\"elementor-element elementor-element-7e55549 elementor-widget__width-initial elementor-hidden-mobile elementor-invisible elementor-widget elementor-widget-heading\" data-id=\"7e55549\" data-element_type=\"widget\" data-settings=\"{&quot;_animation&quot;:&quot;fadeInRight&quot;}\" data-widget_type=\"heading.default\">\n\t\t\t\t<div class=\"elementor-widget-container\">\n\t\t\t<style>\/*! elementor - v3.13.3 - 28-05-2023 *\/\n.elementor-heading-title{padding:0;margin:0;line-height:1}.elementor-widget-heading .elementor-heading-title[class*=elementor-size-]>a{color:inherit;font-size:inherit;line-height:inherit}.elementor-widget-heading .elementor-heading-title.elementor-size-small{font-size:15px}.elementor-widget-heading .elementor-heading-title.elementor-size-medium{font-size:19px}.elementor-widget-heading .elementor-heading-title.elementor-size-large{font-size:29px}.elementor-widget-heading .elementor-heading-title.elementor-size-xl{font-size:39px}.elementor-widget-heading .elementor-heading-title.elementor-size-xxl{font-size:59px}<\/style><h1 class=\"elementor-heading-title elementor-size-default\">Casa de la queimada<\/h1>\t\t<\/div>\n\t\t\t\t<\/div>\n\t\t\t\t<div class=\"elementor-element elementor-element-11b076e elementor-invisible elementor-widget elementor-widget-text-editor\" data-id=\"11b076e\" data-element_type=\"widget\" data-settings=\"{&quot;_animation&quot;:&quot;fadeInRight&quot;}\" data-widget_type=\"text-editor.default\">\n\t\t\t\t<div class=\"elementor-widget-container\">\n\t\t\t<style>\/*! elementor - v3.13.3 - 28-05-2023 *\/\n.elementor-widget-text-editor.elementor-drop-cap-view-stacked .elementor-drop-cap{background-color:#69727d;color:#fff}.elementor-widget-text-editor.elementor-drop-cap-view-framed .elementor-drop-cap{color:#69727d;border:3px solid;background-color:transparent}.elementor-widget-text-editor:not(.elementor-drop-cap-view-default) .elementor-drop-cap{margin-top:8px}.elementor-widget-text-editor:not(.elementor-drop-cap-view-default) .elementor-drop-cap-letter{width:1em;height:1em}.elementor-widget-text-editor .elementor-drop-cap{float:left;text-align:center;line-height:1;font-size:50px}.elementor-widget-text-editor .elementor-drop-cap-letter{display:inline-block}<\/style>\t\t\t\t<p><span style=\"font-weight: 400;\">La primera Casa de la Queimada desde 1968.\u00a0<br \/><\/span><span style=\"font-style: inherit; color: var( --e-global-color-astglobalcolor5 );\">Experiencia \u00fanica del ritual Celta en VIGO <br \/><\/span><span style=\"font-style: inherit; color: var( --e-global-color-astglobalcolor5 );\"><span style=\"font-weight: 400;\">Reservados todos los derechos de la obra Fiesta de la Queimada. Dep. Legal :PO 203-87. C.597<\/span>\u00a0<\/span><\/p>\t\t\t\t\t\t<\/div>\n\t\t\t\t<\/div>\n\t\t\t\t\t<\/div>\n\t\t<\/div>\n\t\t\t\t\t\t\t<\/div>\n\t\t<\/section>\n\t\t\t\t<section class=\"elementor-section elementor-top-section elementor-element elementor-element-4b6594b elementor-section-boxed elementor-section-height-default elementor-section-height-default\" data-id=\"4b6594b\" data-element_type=\"section\">\n\t\t\t\t\t\t<div class=\"elementor-container elementor-column-gap-default\">\n\t\t\t\t\t<div class=\"elementor-column elementor-col-100 elementor-top-column elementor-element elementor-element-ee2c4db\" data-id=\"ee2c4db\" data-element_type=\"column\">\n\t\t\t<div class=\"elementor-widget-wrap\">\n\t\t\t\t\t\t\t\t\t<\/div>\n\t\t<\/div>\n\t\t\t\t\t\t\t<\/div>\n\t\t<\/section>\n\t\t\t\t<section class=\"elementor-section elementor-top-section elementor-element elementor-element-c43a69e elementor-section-boxed elementor-section-height-default elementor-section-height-default\" data-id=\"c43a69e\" data-element_type=\"section\" data-settings=\"{&quot;background_background&quot;:&quot;classic&quot;}\">\n\t\t\t\t\t\t<div class=\"elementor-container elementor-column-gap-default\">\n\t\t\t\t\t<div class=\"elementor-column elementor-col-100 elementor-top-column elementor-element elementor-element-86f7471\" data-id=\"86f7471\" data-element_type=\"column\">\n\t\t\t<div class=\"elementor-widget-wrap elementor-element-populated\">\n\t\t\t\t\t\t\t\t<div class=\"elementor-element elementor-element-40328d2 elementor-widget elementor-widget-heading\" data-id=\"40328d2\" data-element_type=\"widget\" data-widget_type=\"heading.default\">\n\t\t\t\t<div class=\"elementor-widget-container\">\n\t\t\t<h2 class=\"elementor-heading-title elementor-size-default\">\u00bfQu\u00e9 es la queimada?<\/h2>\t\t<\/div>\n\t\t\t\t<\/div>\n\t\t\t\t\t<\/div>\n\t\t<\/div>\n\t\t\t\t\t\t\t<\/div>\n\t\t<\/section>\n\t\t\t\t<section class=\"elementor-section elementor-top-section elementor-element elementor-element-7315c34 elementor-section-height-min-height elementor-section-boxed elementor-section-height-default elementor-section-items-middle\" data-id=\"7315c34\" data-element_type=\"section\" data-settings=\"{&quot;background_background&quot;:&quot;classic&quot;}\">\n\t\t\t\t\t\t\t<div class=\"elementor-background-overlay\"><\/div>\n\t\t\t\t\t\t\t<div class=\"elementor-container elementor-column-gap-wider\">\n\t\t\t\t\t<div class=\"elementor-column elementor-col-50 elementor-top-column elementor-element elementor-element-de2713b\" data-id=\"de2713b\" data-element_type=\"column\">\n\t\t\t<div class=\"elementor-widget-wrap elementor-element-populated\">\n\t\t\t\t\t\t\t\t<div class=\"elementor-element elementor-element-7a41d9d elementor-widget elementor-widget-text-editor\" data-id=\"7a41d9d\" data-element_type=\"widget\" data-widget_type=\"text-editor.default\">\n\t\t\t\t<div class=\"elementor-widget-container\">\n\t\t\t\t\t\t\t<p><span style=\"font-weight: 400;\">La queimada por definici\u00f3n, es una bebida hecha con aguardiente y az\u00facar, a la que se le prende fuego.<\/span><\/p><p><span style=\"font-weight: 400;\">Pero en Galicia la queimada es mucho m\u00e1s que una bebida, es un ritual espiritual que pretende purificar cuerpo y alma,\u00a0<\/span><\/p><p><span style=\"font-weight: 400;\">Las m\u00faltiples culturas que han habitado estas tierras han ido arraigando en ellas numerosas tradiciones y una de las m\u00e1s conocidas es la QUEIMADA, hay quienes atribuyen este rito a los antiguos celtas quienes lo consideraban una forma de purificar el alma. <\/span><\/p>\t\t\t\t\t\t<\/div>\n\t\t\t\t<\/div>\n\t\t\t\t\t<\/div>\n\t\t<\/div>\n\t\t\t\t<div class=\"elementor-column elementor-col-50 elementor-top-column elementor-element elementor-element-162d323\" data-id=\"162d323\" data-element_type=\"column\">\n\t\t\t<div class=\"elementor-widget-wrap elementor-element-populated\">\n\t\t\t\t\t\t\t\t<div class=\"elementor-element elementor-element-b62f67d elementor-widget elementor-widget-image\" data-id=\"b62f67d\" data-element_type=\"widget\" data-widget_type=\"image.default\">\n\t\t\t\t<div class=\"elementor-widget-container\">\n\t\t\t\t\t\t\t\t\t\t\t\t\t\t\t<img decoding=\"async\" width=\"1024\" height=\"980\" src=\"https:\/\/casadelaqueimada.es\/wp-content\/uploads\/2024\/06\/FOTO-1-INICIO-QUE-ES-LA-QUEIMADA-1024x980.jpg\" class=\"attachment-large size-large wp-image-2525\" alt=\"\" loading=\"lazy\" srcset=\"https:\/\/casadelaqueimada.es\/wp-content\/uploads\/2024\/06\/FOTO-1-INICIO-QUE-ES-LA-QUEIMADA-1024x980.jpg 1024w, https:\/\/casadelaqueimada.es\/wp-content\/uploads\/2024\/06\/FOTO-1-INICIO-QUE-ES-LA-QUEIMADA-300x287.jpg 300w, https:\/\/casadelaqueimada.es\/wp-content\/uploads\/2024\/06\/FOTO-1-INICIO-QUE-ES-LA-QUEIMADA-768x735.jpg 768w, https:\/\/casadelaqueimada.es\/wp-content\/uploads\/2024\/06\/FOTO-1-INICIO-QUE-ES-LA-QUEIMADA-1536x1470.jpg 1536w, https:\/\/casadelaqueimada.es\/wp-content\/uploads\/2024\/06\/FOTO-1-INICIO-QUE-ES-LA-QUEIMADA-2048x1960.jpg 2048w, https:\/\/casadelaqueimada.es\/wp-content\/uploads\/2024\/06\/FOTO-1-INICIO-QUE-ES-LA-QUEIMADA-600x574.jpg 600w\" sizes=\"(max-width: 1024px) 100vw, 1024px\" \/>\t\t\t\t\t\t\t\t\t\t\t\t\t\t\t<\/div>\n\t\t\t\t<\/div>\n\t\t\t\t\t<\/div>\n\t\t<\/div>\n\t\t\t\t\t\t\t<\/div>\n\t\t<\/section>\n\t\t\t\t<section class=\"elementor-section elementor-top-section elementor-element elementor-element-02227da elementor-section-height-min-height elementor-section-boxed elementor-section-height-default elementor-section-items-middle\" data-id=\"02227da\" data-element_type=\"section\" data-settings=\"{&quot;background_background&quot;:&quot;classic&quot;}\">\n\t\t\t\t\t\t\t<div class=\"elementor-background-overlay\"><\/div>\n\t\t\t\t\t\t\t<div class=\"elementor-container elementor-column-gap-wider\">\n\t\t\t\t\t<div class=\"elementor-column elementor-col-50 elementor-top-column elementor-element elementor-element-8c1aa65\" data-id=\"8c1aa65\" data-element_type=\"column\">\n\t\t\t<div class=\"elementor-widget-wrap elementor-element-populated\">\n\t\t\t\t\t\t\t\t<div class=\"elementor-element elementor-element-3523646 elementor-widget elementor-widget-image\" data-id=\"3523646\" data-element_type=\"widget\" data-widget_type=\"image.default\">\n\t\t\t\t<div class=\"elementor-widget-container\">\n\t\t\t\t\t\t\t\t\t\t\t\t\t\t\t<img decoding=\"async\" width=\"1006\" height=\"757\" src=\"https:\/\/casadelaqueimada.es\/wp-content\/uploads\/2024\/06\/FOTO-2-INICIO-QUE-ES-LA-QUEIMADA-1.png\" class=\"attachment-large size-large wp-image-2526\" alt=\"\" loading=\"lazy\" srcset=\"https:\/\/casadelaqueimada.es\/wp-content\/uploads\/2024\/06\/FOTO-2-INICIO-QUE-ES-LA-QUEIMADA-1.png 1006w, https:\/\/casadelaqueimada.es\/wp-content\/uploads\/2024\/06\/FOTO-2-INICIO-QUE-ES-LA-QUEIMADA-1-300x226.png 300w, https:\/\/casadelaqueimada.es\/wp-content\/uploads\/2024\/06\/FOTO-2-INICIO-QUE-ES-LA-QUEIMADA-1-768x578.png 768w, https:\/\/casadelaqueimada.es\/wp-content\/uploads\/2024\/06\/FOTO-2-INICIO-QUE-ES-LA-QUEIMADA-1-600x451.png 600w\" sizes=\"(max-width: 1006px) 100vw, 1006px\" \/>\t\t\t\t\t\t\t\t\t\t\t\t\t\t\t<\/div>\n\t\t\t\t<\/div>\n\t\t\t\t\t<\/div>\n\t\t<\/div>\n\t\t\t\t<div class=\"elementor-column elementor-col-50 elementor-top-column elementor-element elementor-element-6868205\" data-id=\"6868205\" data-element_type=\"column\">\n\t\t\t<div class=\"elementor-widget-wrap elementor-element-populated\">\n\t\t\t\t\t\t\t\t<div class=\"elementor-element elementor-element-975e337 elementor-widget elementor-widget-text-editor\" data-id=\"975e337\" data-element_type=\"widget\" data-widget_type=\"text-editor.default\">\n\t\t\t\t<div class=\"elementor-widget-container\">\n\t\t\t\t\t\t\t<p><span style=\"font-weight: 400;\">La queimada, tiene un origen antiqu\u00edsimo, siendo una\u00a0 mezcla de tradici\u00f3n popular , espiritista y animista, cuya finalidad es ahuyentar los esp\u00edritus malignos y fomentar la hermandad entre los presentes.<\/span><\/p><p><span style=\"font-weight: 400;\">En este legendario ritual, se funden los elementos sagrados que est\u00e1n representados por la tierra que ser\u00eda el cuenco de barro, el aguardiente representa el agua, el aire es el que eleva las llamas y finalmente el fuego purificador.<\/span><\/p><p><span style=\"font-weight: 400;\">Los celtas cre\u00edan que el fuego purificaba tanto el alma como el cuerpo y as\u00ed mismo alejaba todo esp\u00edritu del mal y todo encantamiento, por ello adoraban al fuego como esp\u00edritu terrenal del sol. <\/span><\/p>\t\t\t\t\t\t<\/div>\n\t\t\t\t<\/div>\n\t\t\t\t\t<\/div>\n\t\t<\/div>\n\t\t\t\t\t\t\t<\/div>\n\t\t<\/section>\n\t\t\t\t<section class=\"elementor-section elementor-top-section elementor-element elementor-element-88fa6af elementor-section-boxed elementor-section-height-default elementor-section-height-default\" data-id=\"88fa6af\" data-element_type=\"section\" data-settings=\"{&quot;background_background&quot;:&quot;classic&quot;}\">\n\t\t\t\t\t\t<div class=\"elementor-container elementor-column-gap-no\">\n\t\t\t\t\t<div class=\"elementor-column elementor-col-100 elementor-top-column elementor-element elementor-element-9856c77\" data-id=\"9856c77\" data-element_type=\"column\">\n\t\t\t<div class=\"elementor-widget-wrap elementor-element-populated\">\n\t\t\t\t\t\t\t\t<div class=\"elementor-element elementor-element-2c4cdcf elementor-widget elementor-widget-heading\" data-id=\"2c4cdcf\" data-element_type=\"widget\" data-widget_type=\"heading.default\">\n\t\t\t\t<div class=\"elementor-widget-container\">\n\t\t\t<h2 class=\"elementor-heading-title elementor-size-default\">\u00bfCu\u00e1ndo y d\u00f3nde disfrutar de la queimada?<\/h2>\t\t<\/div>\n\t\t\t\t<\/div>\n\t\t\t\t<div class=\"elementor-element elementor-element-f111b86 elementor-widget elementor-widget-text-editor\" data-id=\"f111b86\" data-element_type=\"widget\" data-widget_type=\"text-editor.default\">\n\t\t\t\t<div class=\"elementor-widget-container\">\n\t\t\t\t\t\t\t<p><span style=\"font-weight: 400;\">Nuestro horario es de 22 a 23.30 horas.<\/span><\/p><p><span style=\"font-weight: 400;\">Reservas con 24 horas de antelaci\u00f3n.<\/span><\/p><p><span style=\"font-weight: 400;\">Se realizar\u00e1 el espect\u00e1culo con aforo m\u00ednimo de 20 personas.<\/span><\/p><p><span style=\"font-weight: 400;\">Podr\u00e1s encontrarnos en <\/span><span style=\"font-weight: 400;\">R\u00faa<\/span><span style=\"font-weight: 400;\"> Mar\u00eda Berdiales n\u00ba 21 semis\u00f3tano, Vigo.<\/span><\/p><p><span style=\"font-weight: 400;\">Acceso exclusivo mediante escaleras, (licencia previa a 1997). <\/span><\/p><p><span style=\"font-weight: 400;\">Para m\u00e1s informaci\u00f3n no dudes en contactar con nosotros a trav\u00e9s del tel\u00e9fono<\/span><\/p><p>(+34) 603 204 715<\/p>\t\t\t\t\t\t<\/div>\n\t\t\t\t<\/div>\n\t\t\t\t\t<\/div>\n\t\t<\/div>\n\t\t\t\t\t\t\t<\/div>\n\t\t<\/section>\n\t\t\t\t\t\t\t<\/div>\n\t\t","protected":false},"excerpt":{"rendered":"<p>Casa de la queimada La primera Casa de la Queimada desde 1968.\u00a0Experiencia \u00fanica del ritual Celta en VIGO Reservados todos los derechos de la obra Fiesta de la Queimada. Dep. Legal :PO 203-87. C.597\u00a0 \u00bfQu\u00e9 es la queimada? La queimada por definici\u00f3n, es una bebida hecha con aguardiente y az\u00facar, a la que se le &hellip;<\/p>\n<p class=\"read-more\"> <a class=\"\" href=\"https:\/\/casadelaqueimada.es\/\"> <span class=\"screen-reader-text\">Inicio<\/span> Read More &raquo;<\/a><\/p>\n","protected":false},"author":1,"featured_media":0,"parent":0,"menu_order":0,"comment_status":"closed","ping_status":"closed","template":"","meta":{"site-sidebar-layout":"no-sidebar","site-content-layout":"page-builder","ast-global-header-display":"","ast-banner-title-visibility":"","ast-main-header-display":"","ast-hfb-above-header-display":"","ast-hfb-below-header-display":"","ast-hfb-mobile-header-display":"","site-post-title":"disabled","ast-breadcrumbs-content":"disabled","ast-featured-img":"disabled","footer-sml-layout":"","theme-transparent-header-meta":"enabled","adv-header-id-meta":"","stick-header-meta":"","header-above-stick-meta":"","header-main-stick-meta":"","header-below-stick-meta":""},"aioseo_notices":[],"_links":{"self":[{"href":"https:\/\/casadelaqueimada.es\/index.php?rest_route=\/wp\/v2\/pages\/1194"}],"collection":[{"href":"https:\/\/casadelaqueimada.es\/index.php?rest_route=\/wp\/v2\/pages"}],"about":[{"href":"https:\/\/casadelaqueimada.es\/index.php?rest_route=\/wp\/v2\/types\/page"}],"author":[{"embeddable":true,"href":"https:\/\/casadelaqueimada.es\/index.php?rest_route=\/wp\/v2\/users\/1"}],"replies":[{"embeddable":true,"href":"https:\/\/casadelaqueimada.es\/index.php?rest_route=%2Fwp%2Fv2%2Fcomments&post=1194"}],"version-history":[{"count":451,"href":"https:\/\/casadelaqueimada.es\/index.php?rest_route=\/wp\/v2\/pages\/1194\/revisions"}],"predecessor-version":[{"id":2529,"href":"https:\/\/casadelaqueimada.es\/index.php?rest_route=\/wp\/v2\/pages\/1194\/revisions\/2529"}],"wp:attachment":[{"href":"https:\/\/casadelaqueimada.es\/index.php?rest_route=%2Fwp%2Fv2%2Fmedia&parent=1194"}],"curies":[{"name":"wp","href":"https:\/\/api.w.org\/{rel}","templated":true}]}}